{"id":133,"date":"2026-02-19T13:55:48","date_gmt":"2026-02-19T12:55:48","guid":{"rendered":"https:\/\/schutzwald-pleinfeld.de\/?page_id=133"},"modified":"2026-03-12T19:53:24","modified_gmt":"2026-03-12T18:53:24","slug":"galerie","status":"publish","type":"page","link":"https:\/\/schutzwald-pleinfeld.de\/?page_id=133","title":{"rendered":"Galerie"},"content":{"rendered":"\n<h2 class=\"wp-block-heading\">Uns so sieht es aus, wenn der Wald weichen muss.<\/h2>\n\n\n\n<figure class=\"wp-block-image size-large\"><img loading=\"lazy\" decoding=\"async\" width=\"1024\" height=\"768\" src=\"https:\/\/schutzwald-pleinfeld.de\/wp-content\/uploads\/2026\/02\/a-1024x768.jpg\" alt=\"\" class=\"wp-image-139\" srcset=\"https:\/\/schutzwald-pleinfeld.de\/wp-content\/uploads\/2026\/02\/a-1024x768.jpg 1024w, https:\/\/schutzwald-pleinfeld.de\/wp-content\/uploads\/2026\/02\/a-300x225.jpg 300w, https:\/\/schutzwald-pleinfeld.de\/wp-content\/uploads\/2026\/02\/a-768x576.jpg 768w, https:\/\/schutzwald-pleinfeld.de\/wp-content\/uploads\/2026\/02\/a.jpg 1280w\" sizes=\"auto, (max-width: 1024px) 100vw, 1024px\" \/><figcaption class=\"wp-element-caption\">1 cm Waldboden ben\u00f6tigt 100 Jahre. Hier wurde der Boden, die Kleinstlebewesen und Organismen des Waldes brutal zerst\u00f6rt &#8211; der Wald durch Rodung gesch\u00e4ndet.<\/figcaption><\/figure>\n\n\n\n<figure class=\"wp-block-image size-large\"><img loading=\"lazy\" decoding=\"async\" width=\"1024\" height=\"768\" src=\"https:\/\/schutzwald-pleinfeld.de\/wp-content\/uploads\/2026\/02\/b-1024x768.jpg\" alt=\"\" class=\"wp-image-140\" srcset=\"https:\/\/schutzwald-pleinfeld.de\/wp-content\/uploads\/2026\/02\/b-1024x768.jpg 1024w, https:\/\/schutzwald-pleinfeld.de\/wp-content\/uploads\/2026\/02\/b-300x225.jpg 300w, https:\/\/schutzwald-pleinfeld.de\/wp-content\/uploads\/2026\/02\/b-768x576.jpg 768w, https:\/\/schutzwald-pleinfeld.de\/wp-content\/uploads\/2026\/02\/b.jpg 1280w\" sizes=\"auto, (max-width: 1024px) 100vw, 1024px\" \/><figcaption class=\"wp-element-caption\">Sandabbau, nach der Rodung und was folgt danach? Wer f\u00fcllt die fehlenden 15 m in den Sandbruben auf. Das Grundwasser f\u00e4llt ab und es entstehen neue Hitzehotspots im Sommer.<\/figcaption><\/figure>\n\n\n\n<figure class=\"wp-block-image size-large\"><img loading=\"lazy\" decoding=\"async\" width=\"1024\" height=\"768\" src=\"https:\/\/schutzwald-pleinfeld.de\/wp-content\/uploads\/2026\/02\/c-1024x768.jpg\" alt=\"\" class=\"wp-image-141\" srcset=\"https:\/\/schutzwald-pleinfeld.de\/wp-content\/uploads\/2026\/02\/c-1024x768.jpg 1024w, https:\/\/schutzwald-pleinfeld.de\/wp-content\/uploads\/2026\/02\/c-300x225.jpg 300w, https:\/\/schutzwald-pleinfeld.de\/wp-content\/uploads\/2026\/02\/c-768x576.jpg 768w, https:\/\/schutzwald-pleinfeld.de\/wp-content\/uploads\/2026\/02\/c.jpg 1280w\" sizes=\"auto, (max-width: 1024px) 100vw, 1024px\" \/><figcaption class=\"wp-element-caption\">Bodenverdichtung durch schweres Ger\u00e4t. Regen und Schneeschmelze k\u00f6nnen nur schwer in die Grundwasserschichten versickern. Das Grundwasser rings um Georgensgm\u00fcnd und M\u00fchlstetten wird fallen.<\/figcaption><\/figure>\n\n\n\n<figure class=\"wp-block-image size-large\"><img loading=\"lazy\" decoding=\"async\" width=\"1024\" height=\"768\" src=\"https:\/\/schutzwald-pleinfeld.de\/wp-content\/uploads\/2026\/02\/d-1024x768.jpg\" alt=\"\" class=\"wp-image-142\" srcset=\"https:\/\/schutzwald-pleinfeld.de\/wp-content\/uploads\/2026\/02\/d-1024x768.jpg 1024w, https:\/\/schutzwald-pleinfeld.de\/wp-content\/uploads\/2026\/02\/d-300x225.jpg 300w, https:\/\/schutzwald-pleinfeld.de\/wp-content\/uploads\/2026\/02\/d-768x576.jpg 768w, https:\/\/schutzwald-pleinfeld.de\/wp-content\/uploads\/2026\/02\/d.jpg 1280w\" sizes=\"auto, (max-width: 1024px) 100vw, 1024px\" \/><figcaption class=\"wp-element-caption\">Mondlandschaft oder Amazonien in Mittelfranken &#8211; Freie Sicht von M\u00fchlstetten bis Georgensgm\u00fcnd. Kein Schutzwald vorhanden &#8211; extreme Wetter Verh\u00e4ltnisse sind die Folge.<\/figcaption><\/figure>\n\n\n\n<figure class=\"wp-block-image size-large is-resized\"><img loading=\"lazy\" decoding=\"async\" width=\"1024\" height=\"768\" src=\"https:\/\/schutzwald-pleinfeld.de\/wp-content\/uploads\/2026\/02\/e-1024x768.jpg\" alt=\"\" class=\"wp-image-144\" style=\"width:1024px;height:auto\" srcset=\"https:\/\/schutzwald-pleinfeld.de\/wp-content\/uploads\/2026\/02\/e-1024x768.jpg 1024w, https:\/\/schutzwald-pleinfeld.de\/wp-content\/uploads\/2026\/02\/e-300x225.jpg 300w, https:\/\/schutzwald-pleinfeld.de\/wp-content\/uploads\/2026\/02\/e-768x576.jpg 768w, https:\/\/schutzwald-pleinfeld.de\/wp-content\/uploads\/2026\/02\/e.jpg 1280w\" sizes=\"auto, (max-width: 1024px) 100vw, 1024px\" \/><figcaption class=\"wp-element-caption\">Es f\u00e4llt schwer, seinen Enkeln zu erkl\u00e4ren, wie der Wald hier mal aussah. Es wird nochmals 80-100 Jahre dauern, bis es wieder ein Naturparadies wird. Wir und unsere Kinder und Enkel werden das nicht mehr erleben.<\/figcaption><\/figure>\n\n\n\n<figure class=\"wp-block-image size-large\"><img loading=\"lazy\" decoding=\"async\" width=\"1024\" height=\"768\" src=\"https:\/\/schutzwald-pleinfeld.de\/wp-content\/uploads\/2026\/02\/f-1024x768.jpg\" alt=\"\" class=\"wp-image-145\" srcset=\"https:\/\/schutzwald-pleinfeld.de\/wp-content\/uploads\/2026\/02\/f-1024x768.jpg 1024w, https:\/\/schutzwald-pleinfeld.de\/wp-content\/uploads\/2026\/02\/f-300x225.jpg 300w, https:\/\/schutzwald-pleinfeld.de\/wp-content\/uploads\/2026\/02\/f-768x576.jpg 768w, https:\/\/schutzwald-pleinfeld.de\/wp-content\/uploads\/2026\/02\/f.jpg 1280w\" sizes=\"auto, (max-width: 1024px) 100vw, 1024px\" \/><figcaption class=\"wp-element-caption\">Schweres Ger\u00e4t. Was&nbsp; in 80-100 Jahren w\u00e4chst wurde in nur 80 Tagen komplett zerst\u00f6rt. Nicht die Maschinen waren Schuld &#8211; die Schuld tragen Politiker, die nur auf quantitatives Wachstum bauen.<\/figcaption><\/figure>\n\n\n\n<figure class=\"wp-block-image size-large\"><img loading=\"lazy\" decoding=\"async\" width=\"1024\" height=\"768\" src=\"https:\/\/schutzwald-pleinfeld.de\/wp-content\/uploads\/2026\/02\/g-1024x768.jpg\" alt=\"\" class=\"wp-image-146\" srcset=\"https:\/\/schutzwald-pleinfeld.de\/wp-content\/uploads\/2026\/02\/g-1024x768.jpg 1024w, https:\/\/schutzwald-pleinfeld.de\/wp-content\/uploads\/2026\/02\/g-300x225.jpg 300w, https:\/\/schutzwald-pleinfeld.de\/wp-content\/uploads\/2026\/02\/g-768x576.jpg 768w, https:\/\/schutzwald-pleinfeld.de\/wp-content\/uploads\/2026\/02\/g.jpg 1280w\" sizes=\"auto, (max-width: 1024px) 100vw, 1024px\" \/><figcaption class=\"wp-element-caption\">Monstertruck gegen M\u00e4rchenwald &#8211; keine Chance f\u00fcr Rotk\u00e4ppchen und Bambi gegen Tonnen schwere Fendt Traktoren.<\/figcaption><\/figure>\n\n\n\n<figure class=\"wp-block-image size-large is-resized\"><img loading=\"lazy\" decoding=\"async\" width=\"1024\" height=\"768\" src=\"https:\/\/schutzwald-pleinfeld.de\/wp-content\/uploads\/2026\/02\/h-1024x768.jpg\" alt=\"\" class=\"wp-image-147\" style=\"width:1024px;height:auto\" srcset=\"https:\/\/schutzwald-pleinfeld.de\/wp-content\/uploads\/2026\/02\/h-1024x768.jpg 1024w, https:\/\/schutzwald-pleinfeld.de\/wp-content\/uploads\/2026\/02\/h-300x225.jpg 300w, https:\/\/schutzwald-pleinfeld.de\/wp-content\/uploads\/2026\/02\/h-768x576.jpg 768w, https:\/\/schutzwald-pleinfeld.de\/wp-content\/uploads\/2026\/02\/h.jpg 1280w\" sizes=\"auto, (max-width: 1024px) 100vw, 1024px\" \/><figcaption class=\"wp-element-caption\">Die Wurzelhaufen: Erinnern spontan an einen Besuch auf einem Schrottplatz. Man muss schon zwei Mal hinsehen.<\/figcaption><\/figure>\n\n\n\n<div style=\"height:100px\" aria-hidden=\"true\" class=\"wp-block-spacer\"><\/div>\n\n\n\n<hr class=\"wp-block-separator has-alpha-channel-opacity\"\/>\n\n\n\n<h2 class=\"wp-block-heading\">Bilder des Widerstandes in St. Veit<\/h2>\n\n\n\n<figure class=\"wp-block-image size-large\"><img loading=\"lazy\" decoding=\"async\" width=\"768\" height=\"1024\" src=\"https:\/\/schutzwald-pleinfeld.de\/wp-content\/uploads\/2026\/02\/IMG-20260208-WA0006-768x1024.jpg\" alt=\"\" class=\"wp-image-163\" srcset=\"https:\/\/schutzwald-pleinfeld.de\/wp-content\/uploads\/2026\/02\/IMG-20260208-WA0006-768x1024.jpg 768w, https:\/\/schutzwald-pleinfeld.de\/wp-content\/uploads\/2026\/02\/IMG-20260208-WA0006-225x300.jpg 225w, https:\/\/schutzwald-pleinfeld.de\/wp-content\/uploads\/2026\/02\/IMG-20260208-WA0006.jpg 900w\" sizes=\"auto, (max-width: 768px) 100vw, 768px\" \/><\/figure>\n\n\n\n<figure class=\"wp-block-image size-large\"><img loading=\"lazy\" decoding=\"async\" width=\"1024\" height=\"768\" src=\"https:\/\/schutzwald-pleinfeld.de\/wp-content\/uploads\/2026\/02\/20260212_113527-1024x768.jpg\" alt=\"\" class=\"wp-image-161\" srcset=\"https:\/\/schutzwald-pleinfeld.de\/wp-content\/uploads\/2026\/02\/20260212_113527-1024x768.jpg 1024w, https:\/\/schutzwald-pleinfeld.de\/wp-content\/uploads\/2026\/02\/20260212_113527-300x225.jpg 300w, https:\/\/schutzwald-pleinfeld.de\/wp-content\/uploads\/2026\/02\/20260212_113527-768x576.jpg 768w, https:\/\/schutzwald-pleinfeld.de\/wp-content\/uploads\/2026\/02\/20260212_113527.jpg 1200w\" sizes=\"auto, (max-width: 1024px) 100vw, 1024px\" \/><\/figure>\n\n\n\n<figure class=\"wp-block-image size-large\"><img loading=\"lazy\" decoding=\"async\" width=\"1024\" height=\"763\" src=\"https:\/\/schutzwald-pleinfeld.de\/wp-content\/uploads\/2026\/02\/Bild-Bauzaun-1024x763.jpeg\" alt=\"\" class=\"wp-image-162\" srcset=\"https:\/\/schutzwald-pleinfeld.de\/wp-content\/uploads\/2026\/02\/Bild-Bauzaun-1024x763.jpeg 1024w, https:\/\/schutzwald-pleinfeld.de\/wp-content\/uploads\/2026\/02\/Bild-Bauzaun-300x224.jpeg 300w, https:\/\/schutzwald-pleinfeld.de\/wp-content\/uploads\/2026\/02\/Bild-Bauzaun-768x572.jpeg 768w, https:\/\/schutzwald-pleinfeld.de\/wp-content\/uploads\/2026\/02\/Bild-Bauzaun.jpeg 1200w\" sizes=\"auto, (max-width: 1024px) 100vw, 1024px\" \/><\/figure>\n\n\n\n<figure class=\"wp-block-image size-large\"><img loading=\"lazy\" decoding=\"async\" width=\"1024\" height=\"768\" src=\"https:\/\/schutzwald-pleinfeld.de\/wp-content\/uploads\/2026\/02\/20260208_170015-1024x768.jpg\" alt=\"\" class=\"wp-image-159\" srcset=\"https:\/\/schutzwald-pleinfeld.de\/wp-content\/uploads\/2026\/02\/20260208_170015-1024x768.jpg 1024w, https:\/\/schutzwald-pleinfeld.de\/wp-content\/uploads\/2026\/02\/20260208_170015-300x225.jpg 300w, https:\/\/schutzwald-pleinfeld.de\/wp-content\/uploads\/2026\/02\/20260208_170015-768x576.jpg 768w, https:\/\/schutzwald-pleinfeld.de\/wp-content\/uploads\/2026\/02\/20260208_170015.jpg 1200w\" sizes=\"auto, (max-width: 1024px) 100vw, 1024px\" \/><\/figure>\n\n\n\n<figure class=\"wp-block-image size-large\"><img loading=\"lazy\" decoding=\"async\" width=\"1024\" height=\"378\" src=\"https:\/\/schutzwald-pleinfeld.de\/wp-content\/uploads\/2026\/02\/20260208_170152-1024x378.jpg\" alt=\"\" class=\"wp-image-160\" srcset=\"https:\/\/schutzwald-pleinfeld.de\/wp-content\/uploads\/2026\/02\/20260208_170152-1024x378.jpg 1024w, https:\/\/schutzwald-pleinfeld.de\/wp-content\/uploads\/2026\/02\/20260208_170152-300x111.jpg 300w, https:\/\/schutzwald-pleinfeld.de\/wp-content\/uploads\/2026\/02\/20260208_170152-768x284.jpg 768w, https:\/\/schutzwald-pleinfeld.de\/wp-content\/uploads\/2026\/02\/20260208_170152.jpg 1200w\" sizes=\"auto, (max-width: 1024px) 100vw, 1024px\" \/><\/figure>\n\n\n\n<figure class=\"wp-block-image size-large\"><img loading=\"lazy\" decoding=\"async\" width=\"1024\" height=\"768\" src=\"https:\/\/schutzwald-pleinfeld.de\/wp-content\/uploads\/2026\/02\/20260208_165954-1024x768.jpg\" alt=\"\" class=\"wp-image-158\" srcset=\"https:\/\/schutzwald-pleinfeld.de\/wp-content\/uploads\/2026\/02\/20260208_165954-1024x768.jpg 1024w, https:\/\/schutzwald-pleinfeld.de\/wp-content\/uploads\/2026\/02\/20260208_165954-300x225.jpg 300w, https:\/\/schutzwald-pleinfeld.de\/wp-content\/uploads\/2026\/02\/20260208_165954-768x576.jpg 768w, https:\/\/schutzwald-pleinfeld.de\/wp-content\/uploads\/2026\/02\/20260208_165954.jpg 1200w\" sizes=\"auto, (max-width: 1024px) 100vw, 1024px\" \/><\/figure>\n\n\n\n<div style=\"height:100px\" aria-hidden=\"true\" class=\"wp-block-spacer\"><\/div>\n\n\n\n<hr class=\"wp-block-separator has-alpha-channel-opacity\"\/>\n\n\n\n<h2 class=\"wp-block-heading\">Flyer der B\u00fcrgerinitiative<\/h2>\n\n\n\n<div data-wp-interactive=\"core\/file\" class=\"wp-block-file\"><object data-wp-bind--hidden=\"!state.hasPdfPreview\" hidden class=\"wp-block-file__embed\" data=\"https:\/\/schutzwald-pleinfeld.de\/wp-content\/uploads\/2026\/02\/Flyer-Infoveranstaltung-28.02.2026_final-1.pdf\" type=\"application\/pdf\" style=\"width:100%;height:600px\" aria-label=\"Einbettung von Flyer Infoveranstaltung 28.02.2026_final 1.\"><\/object><a id=\"wp-block-file--media-0fdab82e-af03-4423-b57e-e50fa2e6e2de\" href=\"https:\/\/schutzwald-pleinfeld.de\/wp-content\/uploads\/2026\/02\/Flyer-Infoveranstaltung-28.02.2026_final-1.pdf\">Flyer Infoveranstaltung 28.02.2026_final 1<\/a><a href=\"https:\/\/schutzwald-pleinfeld.de\/wp-content\/uploads\/2026\/02\/Flyer-Infoveranstaltung-28.02.2026_final-1.pdf\" class=\"wp-block-file__button wp-element-button\" download aria-describedby=\"wp-block-file--media-0fdab82e-af03-4423-b57e-e50fa2e6e2de\">Herunterladen<\/a><\/div>\n\n\n\n<hr class=\"wp-block-separator has-alpha-channel-opacity\"\/>\n\n\n\n<h2 class=\"wp-block-heading\">Presseartikel<\/h2>\n\n\n\n<figure class=\"wp-block-image size-large\"><img loading=\"lazy\" decoding=\"async\" width=\"1024\" height=\"494\" src=\"https:\/\/schutzwald-pleinfeld.de\/wp-content\/uploads\/2026\/02\/1-Zeitungsartikel-Weisse-Kreuze-Kein-Gewerbegebiet-1024x494.jpg\" alt=\"\" class=\"wp-image-178\" srcset=\"https:\/\/schutzwald-pleinfeld.de\/wp-content\/uploads\/2026\/02\/1-Zeitungsartikel-Weisse-Kreuze-Kein-Gewerbegebiet-1024x494.jpg 1024w, https:\/\/schutzwald-pleinfeld.de\/wp-content\/uploads\/2026\/02\/1-Zeitungsartikel-Weisse-Kreuze-Kein-Gewerbegebiet-300x145.jpg 300w, https:\/\/schutzwald-pleinfeld.de\/wp-content\/uploads\/2026\/02\/1-Zeitungsartikel-Weisse-Kreuze-Kein-Gewerbegebiet-768x370.jpg 768w, https:\/\/schutzwald-pleinfeld.de\/wp-content\/uploads\/2026\/02\/1-Zeitungsartikel-Weisse-Kreuze-Kein-Gewerbegebiet-1536x741.jpg 1536w, https:\/\/schutzwald-pleinfeld.de\/wp-content\/uploads\/2026\/02\/1-Zeitungsartikel-Weisse-Kreuze-Kein-Gewerbegebiet.jpg 1626w\" sizes=\"auto, (max-width: 1024px) 100vw, 1024px\" \/><\/figure>\n\n\n\n<figure class=\"wp-block-image size-large\"><img loading=\"lazy\" decoding=\"async\" width=\"706\" height=\"1024\" src=\"https:\/\/schutzwald-pleinfeld.de\/wp-content\/uploads\/2026\/02\/2-Zeitungsart-WT-Die-unkonkrete-Phase-706x1024.jpg\" alt=\"\" class=\"wp-image-179\" srcset=\"https:\/\/schutzwald-pleinfeld.de\/wp-content\/uploads\/2026\/02\/2-Zeitungsart-WT-Die-unkonkrete-Phase-706x1024.jpg 706w, https:\/\/schutzwald-pleinfeld.de\/wp-content\/uploads\/2026\/02\/2-Zeitungsart-WT-Die-unkonkrete-Phase-207x300.jpg 207w, https:\/\/schutzwald-pleinfeld.de\/wp-content\/uploads\/2026\/02\/2-Zeitungsart-WT-Die-unkonkrete-Phase-768x1114.jpg 768w, https:\/\/schutzwald-pleinfeld.de\/wp-content\/uploads\/2026\/02\/2-Zeitungsart-WT-Die-unkonkrete-Phase-1059x1536.jpg 1059w, https:\/\/schutzwald-pleinfeld.de\/wp-content\/uploads\/2026\/02\/2-Zeitungsart-WT-Die-unkonkrete-Phase.jpg 1079w\" sizes=\"auto, (max-width: 706px) 100vw, 706px\" \/><\/figure>\n\n\n\n<figure class=\"wp-block-image size-large\"><img loading=\"lazy\" decoding=\"async\" width=\"1024\" height=\"530\" src=\"https:\/\/schutzwald-pleinfeld.de\/wp-content\/uploads\/2026\/02\/3-SPD-Artikel-Offene-Diskussion-gefordert-1024x530.jpg\" alt=\"\" class=\"wp-image-180\" srcset=\"https:\/\/schutzwald-pleinfeld.de\/wp-content\/uploads\/2026\/02\/3-SPD-Artikel-Offene-Diskussion-gefordert-1024x530.jpg 1024w, https:\/\/schutzwald-pleinfeld.de\/wp-content\/uploads\/2026\/02\/3-SPD-Artikel-Offene-Diskussion-gefordert-300x155.jpg 300w, https:\/\/schutzwald-pleinfeld.de\/wp-content\/uploads\/2026\/02\/3-SPD-Artikel-Offene-Diskussion-gefordert-768x397.jpg 768w, https:\/\/schutzwald-pleinfeld.de\/wp-content\/uploads\/2026\/02\/3-SPD-Artikel-Offene-Diskussion-gefordert-1536x794.jpg 1536w, https:\/\/schutzwald-pleinfeld.de\/wp-content\/uploads\/2026\/02\/3-SPD-Artikel-Offene-Diskussion-gefordert.jpg 1856w\" sizes=\"auto, (max-width: 1024px) 100vw, 1024px\" \/><\/figure>\n\n\n\n<figure class=\"wp-block-image size-large\"><img loading=\"lazy\" decoding=\"async\" width=\"1024\" height=\"466\" src=\"https:\/\/schutzwald-pleinfeld.de\/wp-content\/uploads\/2026\/02\/4-FW-Artikel-Der-Nutzen-ist-zu-hinterfragen-1024x466.jpg\" alt=\"\" class=\"wp-image-181\" srcset=\"https:\/\/schutzwald-pleinfeld.de\/wp-content\/uploads\/2026\/02\/4-FW-Artikel-Der-Nutzen-ist-zu-hinterfragen-1024x466.jpg 1024w, https:\/\/schutzwald-pleinfeld.de\/wp-content\/uploads\/2026\/02\/4-FW-Artikel-Der-Nutzen-ist-zu-hinterfragen-300x137.jpg 300w, https:\/\/schutzwald-pleinfeld.de\/wp-content\/uploads\/2026\/02\/4-FW-Artikel-Der-Nutzen-ist-zu-hinterfragen-768x349.jpg 768w, https:\/\/schutzwald-pleinfeld.de\/wp-content\/uploads\/2026\/02\/4-FW-Artikel-Der-Nutzen-ist-zu-hinterfragen-1536x699.jpg 1536w, https:\/\/schutzwald-pleinfeld.de\/wp-content\/uploads\/2026\/02\/4-FW-Artikel-Der-Nutzen-ist-zu-hinterfragen.jpg 1600w\" sizes=\"auto, (max-width: 1024px) 100vw, 1024px\" \/><\/figure>\n\n\n\n<figure class=\"wp-block-image size-large\"><img loading=\"lazy\" decoding=\"async\" width=\"951\" height=\"1024\" src=\"https:\/\/schutzwald-pleinfeld.de\/wp-content\/uploads\/2026\/03\/5-Zeitungsart-WT-Buergerinitiative-will._-951x1024.jpg\" alt=\"\" class=\"wp-image-228\" srcset=\"https:\/\/schutzwald-pleinfeld.de\/wp-content\/uploads\/2026\/03\/5-Zeitungsart-WT-Buergerinitiative-will._-951x1024.jpg 951w, https:\/\/schutzwald-pleinfeld.de\/wp-content\/uploads\/2026\/03\/5-Zeitungsart-WT-Buergerinitiative-will._-279x300.jpg 279w, https:\/\/schutzwald-pleinfeld.de\/wp-content\/uploads\/2026\/03\/5-Zeitungsart-WT-Buergerinitiative-will._-768x827.jpg 768w, https:\/\/schutzwald-pleinfeld.de\/wp-content\/uploads\/2026\/03\/5-Zeitungsart-WT-Buergerinitiative-will._-1427x1536.jpg 1427w, https:\/\/schutzwald-pleinfeld.de\/wp-content\/uploads\/2026\/03\/5-Zeitungsart-WT-Buergerinitiative-will._-1902x2048.jpg 1902w\" sizes=\"auto, (max-width: 951px) 100vw, 951px\" \/><\/figure>\n","protected":false},"excerpt":{"rendered":"<p>Uns so sieht es aus, wenn der Wald weichen muss. Bilder des Widerstandes in St. Veit Flyer der B\u00fcrgerinitiative Presseartikel<\/p>\n","protected":false},"author":1,"featured_media":0,"parent":0,"menu_order":0,"comment_status":"closed","ping_status":"closed","template":"","meta":{"site-sidebar-layout":"default","site-content-layout":"","ast-site-content-layout":"default","site-content-style":"default","site-sidebar-style":"default","ast-global-header-display":"","ast-banner-title-visibility":"","ast-main-header-display":"","ast-hfb-above-header-display":"","ast-hfb-below-header-display":"","ast-hfb-mobile-header-display":"","site-post-title":"","ast-breadcrumbs-content":"","ast-featured-img":"","footer-sml-layout":"","ast-disable-related-posts":"","theme-transparent-header-meta":"","adv-header-id-meta":"","stick-header-meta":"","header-above-stick-meta":"","header-main-stick-meta":"","header-below-stick-meta":"","astra-migrate-meta-layouts":"default","ast-page-background-enabled":"default","ast-page-background-meta":{"desktop":{"background-color":"var(--ast-global-color-5)","background-image":"","background-repeat":"repeat","background-position":"center center","background-size":"auto","background-attachment":"scroll","background-type":"","background-media":"","overlay-type":"","overlay-color":"","overlay-opacity":"","overlay-gradient":""},"tablet":{"background-color":"","background-image":"","background-repeat":"repeat","background-position":"center center","background-size":"auto","background-attachment":"scroll","background-type":"","background-media":"","overlay-type":"","overlay-color":"","overlay-opacity":"","overlay-gradient":""},"mobile":{"background-color":"","background-image":"","background-repeat":"repeat","background-position":"center center","background-size":"auto","background-attachment":"scroll","background-type":"","background-media":"","overlay-type":"","overlay-color":"","overlay-opacity":"","overlay-gradient":""}},"ast-content-background-meta":{"desktop":{"background-color":"var(--ast-global-color-4)","background-image":"","background-repeat":"repeat","background-position":"center center","background-size":"auto","background-attachment":"scroll","background-type":"","background-media":"","overlay-type":"","overlay-color":"","overlay-opacity":"","overlay-gradient":""},"tablet":{"background-color":"var(--ast-global-color-4)","background-image":"","background-repeat":"repeat","background-position":"center center","background-size":"auto","background-attachment":"scroll","background-type":"","background-media":"","overlay-type":"","overlay-color":"","overlay-opacity":"","overlay-gradient":""},"mobile":{"background-color":"var(--ast-global-color-4)","background-image":"","background-repeat":"repeat","background-position":"center center","background-size":"auto","background-attachment":"scroll","background-type":"","background-media":"","overlay-type":"","overlay-color":"","overlay-opacity":"","overlay-gradient":""}},"footnotes":""},"class_list":["post-133","page","type-page","status-publish","hentry"],"_links":{"self":[{"href":"https:\/\/schutzwald-pleinfeld.de\/index.php?rest_route=\/wp\/v2\/pages\/133","targetHints":{"allow":["GET"]}}],"collection":[{"href":"https:\/\/schutzwald-pleinfeld.de\/index.php?rest_route=\/wp\/v2\/pages"}],"about":[{"href":"https:\/\/schutzwald-pleinfeld.de\/index.php?rest_route=\/wp\/v2\/types\/page"}],"author":[{"embeddable":true,"href":"https:\/\/schutzwald-pleinfeld.de\/index.php?rest_route=\/wp\/v2\/users\/1"}],"replies":[{"embeddable":true,"href":"https:\/\/schutzwald-pleinfeld.de\/index.php?rest_route=%2Fwp%2Fv2%2Fcomments&post=133"}],"version-history":[{"count":11,"href":"https:\/\/schutzwald-pleinfeld.de\/index.php?rest_route=\/wp\/v2\/pages\/133\/revisions"}],"predecessor-version":[{"id":229,"href":"https:\/\/schutzwald-pleinfeld.de\/index.php?rest_route=\/wp\/v2\/pages\/133\/revisions\/229"}],"wp:attachment":[{"href":"https:\/\/schutzwald-pleinfeld.de\/index.php?rest_route=%2Fwp%2Fv2%2Fmedia&parent=133"}],"curies":[{"name":"wp","href":"https:\/\/api.w.org\/{rel}","templated":true}]}}